{"id":386,"date":"2021-08-17T12:16:09","date_gmt":"2021-08-17T10:16:09","guid":{"rendered":"https:\/\/www.swash-formation.fr\/?post_type=formation&#038;p=386"},"modified":"2026-02-11T12:52:54","modified_gmt":"2026-02-11T11:52:54","slug":"illustrator-reussir-sa-prise-en-main","status":"publish","type":"formation","link":"https:\/\/www.swash-formation.fr\/formation\/illustrator-reussir-sa-prise-en-main\/","title":{"rendered":"Illustrator&nbsp;: r\u00e9ussir sa prise en main"},"template":"","domaine":[3],"motcle":[28,25,44],"metier":[],"etiquette":[61],"type_ra":[80],"logiciel":[92],"class_list":["post-386","formation","type-formation","status-publish","hentry","domaine-formation-pao","motcle-illustration","motcle-infographie","motcle-logo","etiquette-formation-infographie","type_ra-inter","logiciel-illustrator","no-post-thumbnail"],"acf":{"FOR_Format":"80","FOR_SousTitre":"S'initier \u00e0 Illustrator pour cr\u00e9er et modifier des illustrations vectorielles ou des objets publicitaires simples (pictos, flyers, affiches\u2026)","FOR_Jours":2,"FOR_Heures":14,"FOR_Duree":"14 heures collectives + 1 heure de mentorat distanciel","FOR_DureeTxt":"2 jours \/ 14 heures","FOR_Prix":1300,"FOR_Ref":"P07","FOR_Niveau":"Initiation","FOR_PrixComplet":"1 300 euros HT %2F Soit 1 560 euros TTC","FOR_PrixCourt":"1 300 \u20ac HT","FOR_Support":"","FOR_ProgPdf":"","FOR_Intervenants":"","FOR_Comp":"<p><span style=\"font-weight: 400;\">Cr\u00e9er et modifier tout type d\u2019\u00e9l\u00e9ments vectoriels (pictos, logos, signal\u00e9tiques\u2026) gr\u00e2ce \u00e0 la manipulation des principaux outils de dessin, de mise en couleurs et de transformation.<\/span><\/p>","FOR_Obj":"<ul>\r\n\t<li style=\"font-weight: 400;\"><span style=\"font-weight: 400;\">Se rep\u00e9rer et naviguer dans Illustrator<\/span><\/li>\r\n\t<li style=\"font-weight: 400;\"><span style=\"font-weight: 400;\">Cr\u00e9er des picto(gramme)s ou des logo(type)s simples<\/span><\/li>\r\n\t<li style=\"font-weight: 400;\">Cr\u00e9er des flyers, des affiches, des visuels pour les r\u00e9seaux sociaux<\/li>\r\n\t<li style=\"font-weight: 400;\">Finaliser, exporter, transmettre ses fichiers<\/li>\r\n<\/ul>","FOR_Valider":"<ul>\r\n\t<li>votre projet et le contexte de votre demande pour co-construire le programme d\u00e9finitif<\/li>\r\n\t<li>le format\u00a0: pr\u00e9sentiel et\/ou distanciel<\/li>\r\n\t<li>le tarif\u00a0: calcul\u00e9 selon le temps de pr\u00e9paration, les moyens \u00e0 mobiliser, le nombre de jours, le lieu de la formation\u2026<\/li>\r\n\t<li>*la dur\u00e9e\u00a0: \u00e0 confirmer selon les pr\u00e9requis et les objectifs \u00e0 atteindre par les apprenants<\/li>\r\n<\/ul>","FOR_5Raisons":"","FOR_Public":"<p><span style=\"font-weight: 400;\">Tous les professionnels de la communication et du marketing sont concern\u00e9s. <\/span><\/p>","FOR_Prerequis":"<p><span style=\"font-weight: 400;\">Il est n\u00e9cessaire d\u2019\u00eatre \u00e0 l\u2019aise en informatique. Une culture graphique facilitera l\u2019acc\u00e8s \u00e0 cette formation. <\/span><\/p>","FOR_Programme":"<h3 class=\"chapitre\">Se rep\u00e9rer et naviguer dans Illustrator<\/h3>\r\n<ul>\r\n\t<li>Diff\u00e9rencier dessin vectoriel et dessin en pixels<\/li>\r\n\t<li>Clarifier le vocabulaire de base (<span style=\"font-weight: 400;\">trac\u00e9, point d\u2019ancrage, RVB \/ CMJN<\/span>...)<\/li>\r\n\t<li style=\"font-weight: 400;\" aria-level=\"1\"><span style=\"font-weight: 400;\">Cr\u00e9er un fichier et d\u00e9terminer le format du plan de travail<\/span><\/li>\r\n\t<li style=\"font-weight: 400;\" aria-level=\"1\"><span style=\"font-weight: 400;\">Identifier les contraintes li\u00e9es \u00e0 l\u2019utilisation du dessin (impression, Web)<\/span><\/li>\r\n\t<li style=\"font-weight: 400;\" aria-level=\"1\"><span style=\"font-weight: 400;\">Distinguer ce que l\u2019IA peut \/ ne peut pas faire dans Illustrator<\/span><\/li>\r\n<\/ul>\r\n<div class=\"exo\"><em>\u2192 Quiz de compr\u00e9hension et configuration rapide de l'espace de travail<\/em><\/div>\r\n<h3 class=\"chapitre\">Cr\u00e9er des picto(gramme)s ou des logo(type)s simples<\/h3>\r\n<h4 class=\"sousChap\">Dessin vectoriel : les bases indispensables<\/h4>\r\n<ul>\r\n\t<li style=\"font-weight: 400;\" aria-level=\"1\"><span style=\"font-weight: 400;\">D\u00e9finir une gamme de couleurs (avec et sans l\u2019aide de l\u2019IA)<\/span><\/li>\r\n\t<li style=\"font-weight: 400;\" aria-level=\"1\"><span style=\"font-weight: 400;\">Dessiner des trac\u00e9s \u00e0 l\u2019aide des outils de formes simples<\/span><\/li>\r\n\t<li style=\"font-weight: 400;\" aria-level=\"1\"><span style=\"font-weight: 400;\">Comprendre la logique des trac\u00e9s et des points d\u2019ancrage<\/span><\/li>\r\n<\/ul>\r\n<h4 class=\"sousChap\"><b>Mise en couleur et corrections<\/b><\/h4>\r\n<ul>\r\n\t<li>Appliquer une couleur en aplat au fond des trac\u00e9s<\/li>\r\n\t<li>D\u00e9finir les contours (couleur, \u00e9paisseur, type\u2026)<\/li>\r\n\t<li>Cr\u00e9er et appliquer des d\u00e9grad\u00e9s simples (lin\u00e9aires ou radiaux)<\/li>\r\n\t<li>Utiliser la recoloration g\u00e9n\u00e9rative via l\u2019IA d\u2019Illustrator<\/li>\r\n\t<li>Corriger les trac\u00e9s<\/li>\r\n\t<li>Comparer une cr\u00e9ation manuelle et une variante g\u00e9n\u00e9r\u00e9e par l\u2019IA<\/li>\r\n<\/ul>\r\n<div class=\"exo\"><em>\u2192 Exercice : exp\u00e9rimenter les outils simples de dessin, de mise en couleurs et de correction pour r\u00e9aliser ou modifier des objets vectoriels<\/em><\/div>\r\n<h3 class=\"sousChap chapitre\"><b>Cr\u00e9er des flyers, des affiches, des visuels pour les r\u00e9seaux sociaux<\/b><\/h3>\r\n<h4 class=\"sousChap\"><b>Structurer une composition simple<\/b><\/h4>\r\n<ul>\r\n\t<li>D\u00e9terminer le format du plan de travail et ses fonds perdus<\/li>\r\n\t<li>Cr\u00e9er un empilement de calques<\/li>\r\n<\/ul>\r\n<h4 class=\"sousChap\">Int\u00e9grer l'IA g\u00e9n\u00e9rative \u00e0 son workflow<\/h4>\r\n<ul>\r\n\t<li style=\"font-weight: 400;\" aria-level=\"1\"><span style=\"font-weight: 400;\">Cr\u00e9er un visuel avec le module g\u00e9n\u00e9ratif IA<\/span><\/li>\r\n\t<li style=\"font-weight: 400;\" aria-level=\"1\"><span style=\"font-weight: 400;\">G\u00e9n\u00e9rer un visuel \u00e0 l\u2019aide d\u2019un prompt via l\u2019IA d\u2019Illustrator<\/span><\/li>\r\n\t<li style=\"font-weight: 400;\" aria-level=\"1\"><span style=\"font-weight: 400;\">Explorer et enrichir les variantes<\/span><\/li>\r\n\t<li style=\"font-weight: 400;\" aria-level=\"1\"><span style=\"font-weight: 400;\">\u00c9crire un prompt utile \u00ab \u00e0 la mani\u00e8re \u00bb d'un graphiste (objectifs, contraintes, style)<\/span><\/li>\r\n\t<li style=\"font-weight: 400;\" aria-level=\"1\"><span style=\"font-weight: 400;\">Juger quand utiliser l\u2019IA et quand dessiner manuellement<\/span><\/li>\r\n\t<li style=\"font-weight: 400;\" aria-level=\"1\"><span style=\"font-weight: 400;\">\u00c9valuer les limites graphiques et techniques des visuels g\u00e9n\u00e9r\u00e9s<\/span><\/li>\r\n<\/ul>\r\n<h4 class=\"sousChap\"><b>Transformer et organiser les formes<\/b><\/h4>\r\n<ul>\r\n\t<li style=\"font-weight: 400;\" aria-level=\"1\"><span style=\"font-weight: 400;\">Transformer les objets<\/span><\/li>\r\n\t<li style=\"font-weight: 400;\" aria-level=\"1\"><span style=\"font-weight: 400;\">Cr\u00e9er des formes compos\u00e9es avec les fonctions Pathfinder<\/span><\/li>\r\n\t<li style=\"font-weight: 400;\" aria-level=\"1\"><span style=\"font-weight: 400;\">Utiliser les fonctions de transformation : rotation, \u00e9chelle, miroir<\/span><\/li>\r\n\t<li style=\"font-weight: 400;\" aria-level=\"1\"><span style=\"font-weight: 400;\">Aligner des objets et g\u00e9rer les espacements<\/span><\/li>\r\n<\/ul>\r\n<h4 class=\"sousChap\">Cr\u00e9er des \u00e9l\u00e9ments de texte et g\u00e9rer la composition<\/h4>\r\n<ul>\r\n\t<li style=\"font-weight: 400;\" aria-level=\"1\"><span style=\"font-weight: 400;\">Cr\u00e9er des \u00e9l\u00e9ments de texte<\/span><\/li>\r\n\t<li style=\"font-weight: 400;\" aria-level=\"1\"><span style=\"font-weight: 400;\">Ajouter du texte rectiligne et curviligne<\/span><\/li>\r\n\t<li style=\"font-weight: 400;\" aria-level=\"1\"><span style=\"font-weight: 400;\">D\u00e9terminer la typographie du texte et sa couleur<\/span><\/li>\r\n\t<li style=\"font-weight: 400;\" aria-level=\"1\"><span style=\"font-weight: 400;\">Utiliser l\u2019IA pour proposer des associations typographiques<\/span><\/li>\r\n<\/ul>\r\n<div class=\"exo\"><em>\u2192 Exercice : exp\u00e9rimenter les fonctions de transformation et de gestion du texte pour cr\u00e9er ou modifier une illustration simple<\/em><\/div>\r\n<h3 class=\"chapitre\">Finaliser, exporter, transmettre ses fichiers<\/h3>\r\n<ul>\r\n\t<li>Valider la coh\u00e9rence graphique du document<\/li>\r\n\t<li style=\"font-weight: 400;\" aria-level=\"1\"><span style=\"font-weight: 400;\">Utiliser une check-list avant export<\/span><\/li>\r\n\t<li style=\"font-weight: 400;\" aria-level=\"1\"><span style=\"font-weight: 400;\">Contr\u00f4ler le fichier : polices, erreurs courantes<\/span><\/li>\r\n\t<li style=\"font-weight: 400;\" aria-level=\"1\"><span style=\"font-weight: 400;\">Enregistrer ses fichiers pour InDesign, la bureautique, le Web<\/span><\/li>\r\n\t<li style=\"font-weight: 400;\" aria-level=\"1\"><span style=\"font-weight: 400;\">G\u00e9n\u00e9rer un PDF pour l\u2019imprimeur<\/span><\/li>\r\n\t<li style=\"font-weight: 400;\" aria-level=\"1\"><span style=\"font-weight: 400;\">Exporter en SVG<\/span><\/li>\r\n<\/ul>\r\n<div class=\"exo\"><em>\u2192 Exercice : g\u00e9n\u00e9rer les fichiers \u00e0 livrer ou publier et archiver l\u2019original<\/em><\/div>","FOR_Profil":"<p><span style=\"font-weight: 400;\">Graphiste \/ UI designer avec plus de 10 ans d\u2019exp\u00e9rience en animation de formation.<\/span><\/p>","FOR_Ressources":"<ul>\r\n\t<li style=\"font-weight: 400;\"><span style=\"font-weight: 400;\">Supports de cours d\u00e9mat\u00e9rialis\u00e9s<\/span><\/li>\r\n\t<li style=\"font-weight: 400;\"><span style=\"font-weight: 400;\">Abonnement de 3 mois \u00e0 <a href=\"https:\/\/fr.tuto.com\" target=\"_blank\" rel=\"noopener\">tuto.com<\/a><\/span><\/li>\r\n\t<li style=\"font-weight: 400;\"><span class=\"s1\">Acc\u00e8s illimit\u00e9 par mail \u00e0 la hotline Swash<\/span><\/li>\r\n<\/ul>","FOR_ModPres":"<h4><strong>Parcours p\u00e9dagogique\u00a0: <\/strong><\/h4>\r\n<p><span style=\"font-weight: 400;\">Quiz de positionnement <span class=\"flechD\">\u276f\u00a0<\/span>2 jours pr\u00e9sentiels continus <span class=\"flechD\">\u276f\u00a0<\/span>\u00c9valuation des acquis<\/span><\/p>\r\n<h4><strong>M\u00e9thode p\u00e9dagogique : <\/strong><\/h4>\r\n<p><span style=\"font-weight: 400;\">Expositive + d\u00e9monstrative : expos\u00e9s th\u00e9oriques, d\u00e9monstrations, mise en pratique, feedbacks personnalis\u00e9s<\/span><\/p>\r\n<h4><strong>Moyens techniques : <\/strong><\/h4>\r\n<ul>\r\n\t<li><span style=\"font-weight: 400;\">1 poste par participant (Mac ou PC, selon votre choix)<\/span>, \u00e9quip\u00e9 de la suite Adobe CC dans sa derni\u00e8re version, fourni par nos soins<\/li>\r\n\t<li>Poste de l\u2019intervenant reli\u00e9 \u00e0 un grand \u00e9cran ou vid\u00e9oprojecteur<\/li>\r\n<\/ul>","FOR_ModDist":"<h4>Parcours p\u00e9dagogique\u00a0:<\/h4>\r\n<p><span style=\"font-weight: 400;\">Quiz de positionnement <span class=\"flechD\">\u276f<\/span> 2 classes virtuelles discontinues (2 x 1 jour) <span class=\"flechD\">\u276f<\/span> \u00c9valuation des acquis<\/span><\/p>\r\n<h4>M\u00e9thode p\u00e9dagogique :<\/h4>\r\n<p><span style=\"font-weight: 400;\">Expositive + d\u00e9monstrative : expos\u00e9s th\u00e9oriques, d\u00e9monstrations, mise en pratique, travail individuel inter-sessions, feedbacks personnalis\u00e9s<\/span><\/p>\r\n<h4>Moyens techniques\u00a0:<\/h4>\r\n<ul>\r\n\t<li>Classe virtuelle cr\u00e9\u00e9e par nos soins\u00a0<\/li>\r\n\t<li>Chaque apprenant participe \u00e0 la session avec son ordinateur, connect\u00e9 \u00e0 Internet, et \u00e9quip\u00e9 :\r\n\r\n<ul>\r\n\t<li>d\u2019un micro et d\u2019une cam\u00e9ra<\/li>\r\n\t<li>d\u2019une licence Adobe CC (Illustrator seul suffit pour cette formation)<\/li>\r\n\t<li>d\u2019un double \u00e9cran (recommand\u00e9 mais non n\u00e9cessaire)<\/li>\r\n<\/ul>\r\n<\/li>\r\n<\/ul>","FOR_Eval":"<ul>\r\n\t<li><span style=\"font-weight: 400;\"> Validation des acquis pendant la formation gr\u00e2ce \u00e0 des quiz et \u00e0 la r\u00e9alisation d\u2019exercices pratiques<\/span><\/li>\r\n\t<li>Suivi d'acquisition des objectifs p\u00e9dagogiques par l'intervenant<\/li>\r\n\t<li><span style=\"font-weight: 400;\"> \u00c9valuation \u00e0 chaud (remplie en fin de formation) et \u00e0 froid (\u00e0 60 jours)<\/span><\/li>\r\n<\/ul>","for_pourquoi":"","FOR_PlanCond":1,"FOR_PlanDist":[{"FOR_Dates":"les 17, 22 et 23 octobre 2025","FOR_Mentorat":null,"FOR_DateOff":"20251017"},{"FOR_Dates":"les 1 et 9 octobre 2026","FOR_Mentorat":null,"FOR_DateOff":"20261001"}],"FOR_PlanPres":[{"FOR_Dates":"3 au 5 mars 2025","FOR_Mentorat":null,"FOR_DateOff":"20250303"},{"FOR_Dates":"11 au 13 juin 2025","FOR_Mentorat":null,"FOR_DateOff":"20250611"},{"FOR_Dates":"du 17 au 19 septembre 2025","FOR_Mentorat":null,"FOR_DateOff":"20250917"},{"FOR_Dates":"les 16 et 17 f\u00e9vrier 2026","FOR_Mentorat":null,"FOR_DateOff":"20260216"},{"FOR_Dates":"les 29 et 30 juin 2026","FOR_Mentorat":null,"FOR_DateOff":"20260629"},{"FOR_Dates":"les 24 et 25 septembre 2026","FOR_Mentorat":null,"FOR_DateOff":"20260924"},{"FOR_Dates":"les 26 et 27 novembre 2026","FOR_Mentorat":null,"FOR_DateOff":"20261126"}],"for_tag-new":false,"for_tag-update":false},"_links":{"self":[{"href":"https:\/\/www.swash-formation.fr\/sw-connect\/wp\/v2\/formation\/386","targetHints":{"allow":["GET"]}}],"collection":[{"href":"https:\/\/www.swash-formation.fr\/sw-connect\/wp\/v2\/formation"}],"about":[{"href":"https:\/\/www.swash-formation.fr\/sw-connect\/wp\/v2\/types\/formation"}],"wp:attachment":[{"href":"https:\/\/www.swash-formation.fr\/sw-connect\/wp\/v2\/media?parent=386"}],"wp:term":[{"taxonomy":"domaine","embeddable":true,"href":"https:\/\/www.swash-formation.fr\/sw-connect\/wp\/v2\/domaine?post=386"},{"taxonomy":"motcle","embeddable":true,"href":"https:\/\/www.swash-formation.fr\/sw-connect\/wp\/v2\/motcle?post=386"},{"taxonomy":"metier","embeddable":true,"href":"https:\/\/www.swash-formation.fr\/sw-connect\/wp\/v2\/metier?post=386"},{"taxonomy":"etiquette","embeddable":true,"href":"https:\/\/www.swash-formation.fr\/sw-connect\/wp\/v2\/etiquette?post=386"},{"taxonomy":"type_ra","embeddable":true,"href":"https:\/\/www.swash-formation.fr\/sw-connect\/wp\/v2\/type_ra?post=386"},{"taxonomy":"logiciel","embeddable":true,"href":"https:\/\/www.swash-formation.fr\/sw-connect\/wp\/v2\/logiciel?post=386"}],"curies":[{"name":"wp","href":"https:\/\/api.w.org\/{rel}","templated":true}]}}